{"id":15242,"date":"2022-04-07T14:01:42","date_gmt":"2022-04-07T12:01:42","guid":{"rendered":"https:\/\/www.insurlab.eu\/?post_type=project&#038;p=15242"},"modified":"2022-07-15T08:22:08","modified_gmt":"2022-07-15T06:22:08","slug":"07-april-2022-meta-gothaer-und-zurich-weitere-top-speakerinnen-der-insurenxt-stehen-fest","status":"publish","type":"project","link":"https:\/\/insurlab-germany.com\/de\/project\/07-april-2022-meta-gothaer-und-zurich-weitere-top-speakerinnen-der-insurenxt-stehen-fest\/","title":{"rendered":"07. April 2022 &#8211; Meta, Gothaer und Zurich: Weitere Top-Speaker:innen der insureNXT stehen fest"},"content":{"rendered":"<p>[et_pb_section fb_built=&#8221;1&#8243; admin_label=&#8221;section&#8221; _builder_version=&#8221;4.16&#8243; global_colors_info=&#8221;{}&#8221;][et_pb_row admin_label=&#8221;row&#8221; _builder_version=&#8221;4.16&#8243; background_size=&#8221;initial&#8221; background_position=&#8221;top_left&#8221; background_repeat=&#8221;repeat&#8221; global_colors_info=&#8221;{}&#8221;][et_pb_column type=&#8221;4_4&#8243; _builder_version=&#8221;4.16&#8243; custom_padding=&#8221;|||&#8221; global_colors_info=&#8221;{}&#8221; custom_padding__hover=&#8221;|||&#8221;][et_pb_text _builder_version=&#8221;4.17.4&#8243; _module_preset=&#8221;69b8b9cd-3a3c-4327-b867-c8ccc94aa8cb&#8221; locked=&#8221;off&#8221; global_colors_info=&#8221;{}&#8221;]<\/p>\n<h2>07. April 2022 \u2013 Meta, Gothaer und Zurich: Weitere Top-Speaker:innen der insureNXT stehen fest<strong><\/strong><\/h2>\n<p>[\/et_pb_text][et_pb_text admin_label=&#8221;Text&#8221; _builder_version=&#8221;4.17.4&#8243; background_size=&#8221;initial&#8221; background_position=&#8221;top_left&#8221; background_repeat=&#8221;repeat&#8221; global_colors_info=&#8221;{}&#8221;]<\/p>\n<p>K\u00f6ln, 07. April 2022 \u2013 Digitale \u00d6kosysteme und Kundenzentrierung, innovative Technologien und Nachhaltigkeit: Das sind die Kernthemen der insureNXT 2022. Am 18. und 19. Mai diskutieren Top Speaker:innen gemeinsam in K\u00f6ln \u00fcber die Zukunft der Versicherungsbranche. Die Besucher:innen erwartet ein umfassendes B\u00fchnenprogramm, ein Career-Day, zahlreiche Networking-M\u00f6glichkeiten und erstmals die Verleihung des insureNXT Innovators Awards.<\/p>\n<p>[\/et_pb_text][\/et_pb_column][\/et_pb_row][et_pb_row _builder_version=&#8221;4.17.4&#8243; _module_preset=&#8221;default&#8221; locked=&#8221;off&#8221; global_colors_info=&#8221;{}&#8221;][et_pb_column type=&#8221;4_4&#8243; _builder_version=&#8221;4.17.4&#8243; _module_preset=&#8221;default&#8221; global_colors_info=&#8221;{}&#8221;][et_pb_button button_url=&#8221;https:\/\/insurlab-germany.com\/wp-content\/uploads\/2022\/06\/07042022_pm_insurenxt_programm.pdf&#8221; button_text=&#8221;insureNXT-Pressemitteilung 07. April 2022 downloaden&#8221; button_alignment=&#8221;center&#8221; _builder_version=&#8221;4.17.4&#8243; _module_preset=&#8221;default&#8221; custom_button=&#8221;on&#8221; button_text_size=&#8221;18px&#8221; button_text_color=&#8221;#FFFFFF&#8221; button_bg_color=&#8221;#01575f&#8221; button_border_width=&#8221;0px&#8221; button_border_radius=&#8221;0px&#8221; button_font=&#8221;|600|||||||&#8221; button_use_icon=&#8221;off&#8221; global_colors_info=&#8221;{}&#8221; button_border_width__hover_enabled=&#8221;on|hover&#8221; button_letter_spacing__hover_enabled=&#8221;on|desktop&#8221; button_letter_spacing__hover=&#8221;&#8221; button_border_width__hover=&#8221;0px&#8221; button_bg_color__hover_enabled=&#8221;on|hover&#8221; button_bg_color__hover=&#8221;#27b5be&#8221; button_bg_enable_color__hover=&#8221;on&#8221;][\/et_pb_button][\/et_pb_column][\/et_pb_row][\/et_pb_section]<\/p>\n","protected":false},"excerpt":{"rendered":"<p>07. April 2022 \u2013 Meta, Gothaer und Zurich: Weitere Top-Speaker:innen der insureNXT stehen festK\u00f6ln, 07. April 2022 \u2013 Digitale \u00d6kosysteme und Kundenzentrierung, innovative Technologien und Nachhaltigkeit: Das sind die Kernthemen der insureNXT 2022. Am 18. und 19. Mai diskutieren Top Speaker:innen gemeinsam in K\u00f6ln \u00fcber die Zukunft der Versicherungsbranche. Die Besucher:innen erwartet ein umfassendes B\u00fchnenprogramm, [&hellip;]<\/p>\n","protected":false},"author":7,"featured_media":0,"comment_status":"open","ping_status":"closed","template":"","meta":{"_et_pb_use_builder":"on","_et_pb_old_content":"K\u00f6ln, 07. April 2022 \u2013 Digitale \u00d6kosysteme und Kundenzentrierung, innovative Technologien und Nachhaltigkeit: Das sind die Kernthemen der insureNXT 2022. Am 18. und 19. Mai diskutieren Top Speaker:innen gemeinsam in K\u00f6ln \u00fcber die Zukunft der Versicherungsbranche. Die Besucher:innen erwartet ein umfassendes B\u00fchnenprogramm, ein Career-Day, zahlreiche Networking-M\u00f6glichkeiten und erstmals die Verleihung des insureNXT Innovators Awards.\r\n\r\n[button link=\"https:\/\/insurlab-germany.com\/wp-content\/uploads\/2022\/06\/07042022_pm_insurenxt_programm.pdf\" color=\"teal\"] insureNXT-Pressemitteilung 07. April 2022 downloaden[\/button]\r\n\r\n&nbsp;","_et_gb_content_width":"","content-type":"","footnotes":""},"project_category":[227],"project_tag":[],"class_list":["post-15242","project","type-project","status-publish","hentry","project_category-press-release"],"yoast_head":"<!-- This site is optimized with the Yoast SEO plugin v27.5 - https:\/\/yoast.com\/product\/yoast-seo-wordpress\/ -->\n<title>07. April 2022 - Meta, Gothaer und Zurich: Weitere Top-Speaker:innen der insureNXT stehen fest - InsurLab Germany<\/title>\n<meta name=\"description\" content=\"Digitale \u00d6kosysteme und Kundenzentrierung, innovative Technologien und Nachhaltigkeit: Das sind die Kernthemen der insureNXT 2022.\" \/>\n<meta name=\"robots\" content=\"index, follow, max-snippet:-1, max-image-preview:large, max-video-preview:-1\" \/>\n<link rel=\"canonical\" href=\"https:\/\/insurlab-germany.com\/de\/project\/07-april-2022-meta-gothaer-und-zurich-weitere-top-speakerinnen-der-insurenxt-stehen-fest\/\" \/>\n<meta property=\"og:locale\" content=\"de_DE\" \/>\n<meta property=\"og:type\" content=\"article\" \/>\n<meta property=\"og:title\" content=\"07. April 2022 - Meta, Gothaer und Zurich: Weitere Top-Speaker:innen der insureNXT stehen fest - InsurLab Germany\" \/>\n<meta property=\"og:description\" content=\"Digitale \u00d6kosysteme und Kundenzentrierung, innovative Technologien und Nachhaltigkeit: Das sind die Kernthemen der insureNXT 2022.\" \/>\n<meta property=\"og:url\" content=\"https:\/\/insurlab-germany.com\/de\/project\/07-april-2022-meta-gothaer-und-zurich-weitere-top-speakerinnen-der-insurenxt-stehen-fest\/\" \/>\n<meta property=\"og:site_name\" content=\"InsurLab Germany\" \/>\n<meta property=\"article:publisher\" content=\"https:\/\/www.facebook.com\/InsurLabGermany\/\" \/>\n<meta property=\"article:modified_time\" content=\"2022-07-15T06:22:08+00:00\" \/>\n<meta name=\"twitter:card\" content=\"summary_large_image\" \/>\n<meta name=\"twitter:site\" content=\"@InsurLabDE\" \/>\n<meta name=\"twitter:label1\" content=\"Gesch\u00e4tzte Lesezeit\" \/>\n\t<meta name=\"twitter:data1\" content=\"2\u00a0Minuten\" \/>\n<script type=\"application\/ld+json\" class=\"yoast-schema-graph\">{\"@context\":\"https:\\\/\\\/schema.org\",\"@graph\":[{\"@type\":\"WebPage\",\"@id\":\"https:\\\/\\\/insurlab-germany.com\\\/de\\\/project\\\/07-april-2022-meta-gothaer-und-zurich-weitere-top-speakerinnen-der-insurenxt-stehen-fest\\\/\",\"url\":\"https:\\\/\\\/insurlab-germany.com\\\/de\\\/project\\\/07-april-2022-meta-gothaer-und-zurich-weitere-top-speakerinnen-der-insurenxt-stehen-fest\\\/\",\"name\":\"07. April 2022 - Meta, Gothaer und Zurich: Weitere Top-Speaker:innen der insureNXT stehen fest - InsurLab Germany\",\"isPartOf\":{\"@id\":\"https:\\\/\\\/insurlab-germany.com\\\/#website\"},\"datePublished\":\"2022-04-07T12:01:42+00:00\",\"dateModified\":\"2022-07-15T06:22:08+00:00\",\"description\":\"Digitale \u00d6kosysteme und Kundenzentrierung, innovative Technologien und Nachhaltigkeit: Das sind die Kernthemen der insureNXT 2022.\",\"breadcrumb\":{\"@id\":\"https:\\\/\\\/insurlab-germany.com\\\/de\\\/project\\\/07-april-2022-meta-gothaer-und-zurich-weitere-top-speakerinnen-der-insurenxt-stehen-fest\\\/#breadcrumb\"},\"inLanguage\":\"de\",\"potentialAction\":[{\"@type\":\"ReadAction\",\"target\":[\"https:\\\/\\\/insurlab-germany.com\\\/de\\\/project\\\/07-april-2022-meta-gothaer-und-zurich-weitere-top-speakerinnen-der-insurenxt-stehen-fest\\\/\"]}]},{\"@type\":\"BreadcrumbList\",\"@id\":\"https:\\\/\\\/insurlab-germany.com\\\/de\\\/project\\\/07-april-2022-meta-gothaer-und-zurich-weitere-top-speakerinnen-der-insurenxt-stehen-fest\\\/#breadcrumb\",\"itemListElement\":[{\"@type\":\"ListItem\",\"position\":1,\"name\":\"Startseite\",\"item\":\"https:\\\/\\\/insurlab-germany.com\\\/de\\\/\"},{\"@type\":\"ListItem\",\"position\":2,\"name\":\"Projects\",\"item\":\"https:\\\/\\\/insurlab-germany.com\\\/project\\\/\"},{\"@type\":\"ListItem\",\"position\":3,\"name\":\"07. April 2022 &#8211; Meta, Gothaer und Zurich: Weitere Top-Speaker:innen der insureNXT stehen fest\"}]},{\"@type\":\"WebSite\",\"@id\":\"https:\\\/\\\/insurlab-germany.com\\\/#website\",\"url\":\"https:\\\/\\\/insurlab-germany.com\\\/\",\"name\":\"InsurLab Germany\",\"description\":\"Let&#039;s #InnovateInsurance!\",\"publisher\":{\"@id\":\"https:\\\/\\\/insurlab-germany.com\\\/#organization\"},\"potentialAction\":[{\"@type\":\"SearchAction\",\"target\":{\"@type\":\"EntryPoint\",\"urlTemplate\":\"https:\\\/\\\/insurlab-germany.com\\\/?s={search_term_string}\"},\"query-input\":{\"@type\":\"PropertyValueSpecification\",\"valueRequired\":true,\"valueName\":\"search_term_string\"}}],\"inLanguage\":\"de\"},{\"@type\":\"Organization\",\"@id\":\"https:\\\/\\\/insurlab-germany.com\\\/#organization\",\"name\":\"InsurLab Germany\",\"url\":\"https:\\\/\\\/insurlab-germany.com\\\/\",\"logo\":{\"@type\":\"ImageObject\",\"inLanguage\":\"de\",\"@id\":\"https:\\\/\\\/insurlab-germany.com\\\/#\\\/schema\\\/logo\\\/image\\\/\",\"url\":\"https:\\\/\\\/insurlab-germany.com\\\/wp-content\\\/uploads\\\/2022\\\/03\\\/website_logo_ohnelink.png\",\"contentUrl\":\"https:\\\/\\\/insurlab-germany.com\\\/wp-content\\\/uploads\\\/2022\\\/03\\\/website_logo_ohnelink.png\",\"width\":640,\"height\":245,\"caption\":\"InsurLab Germany\"},\"image\":{\"@id\":\"https:\\\/\\\/insurlab-germany.com\\\/#\\\/schema\\\/logo\\\/image\\\/\"},\"sameAs\":[\"https:\\\/\\\/www.facebook.com\\\/InsurLabGermany\\\/\",\"https:\\\/\\\/x.com\\\/InsurLabDE\",\"https:\\\/\\\/www.instagram.com\\\/insurlab_germany\\\/\",\"https:\\\/\\\/www.linkedin.com\\\/company\\\/insurlab-germany-e-v\"]}]}<\/script>\n<!-- \/ Yoast SEO plugin. -->","yoast_head_json":{"title":"07. April 2022 - Meta, Gothaer und Zurich: Weitere Top-Speaker:innen der insureNXT stehen fest - InsurLab Germany","description":"Digitale \u00d6kosysteme und Kundenzentrierung, innovative Technologien und Nachhaltigkeit: Das sind die Kernthemen der insureNXT 2022.","robots":{"index":"index","follow":"follow","max-snippet":"max-snippet:-1","max-image-preview":"max-image-preview:large","max-video-preview":"max-video-preview:-1"},"canonical":"https:\/\/insurlab-germany.com\/de\/project\/07-april-2022-meta-gothaer-und-zurich-weitere-top-speakerinnen-der-insurenxt-stehen-fest\/","og_locale":"de_DE","og_type":"article","og_title":"07. April 2022 - Meta, Gothaer und Zurich: Weitere Top-Speaker:innen der insureNXT stehen fest - InsurLab Germany","og_description":"Digitale \u00d6kosysteme und Kundenzentrierung, innovative Technologien und Nachhaltigkeit: Das sind die Kernthemen der insureNXT 2022.","og_url":"https:\/\/insurlab-germany.com\/de\/project\/07-april-2022-meta-gothaer-und-zurich-weitere-top-speakerinnen-der-insurenxt-stehen-fest\/","og_site_name":"InsurLab Germany","article_publisher":"https:\/\/www.facebook.com\/InsurLabGermany\/","article_modified_time":"2022-07-15T06:22:08+00:00","twitter_card":"summary_large_image","twitter_site":"@InsurLabDE","twitter_misc":{"Gesch\u00e4tzte Lesezeit":"2\u00a0Minuten"},"schema":{"@context":"https:\/\/schema.org","@graph":[{"@type":"WebPage","@id":"https:\/\/insurlab-germany.com\/de\/project\/07-april-2022-meta-gothaer-und-zurich-weitere-top-speakerinnen-der-insurenxt-stehen-fest\/","url":"https:\/\/insurlab-germany.com\/de\/project\/07-april-2022-meta-gothaer-und-zurich-weitere-top-speakerinnen-der-insurenxt-stehen-fest\/","name":"07. April 2022 - Meta, Gothaer und Zurich: Weitere Top-Speaker:innen der insureNXT stehen fest - InsurLab Germany","isPartOf":{"@id":"https:\/\/insurlab-germany.com\/#website"},"datePublished":"2022-04-07T12:01:42+00:00","dateModified":"2022-07-15T06:22:08+00:00","description":"Digitale \u00d6kosysteme und Kundenzentrierung, innovative Technologien und Nachhaltigkeit: Das sind die Kernthemen der insureNXT 2022.","breadcrumb":{"@id":"https:\/\/insurlab-germany.com\/de\/project\/07-april-2022-meta-gothaer-und-zurich-weitere-top-speakerinnen-der-insurenxt-stehen-fest\/#breadcrumb"},"inLanguage":"de","potentialAction":[{"@type":"ReadAction","target":["https:\/\/insurlab-germany.com\/de\/project\/07-april-2022-meta-gothaer-und-zurich-weitere-top-speakerinnen-der-insurenxt-stehen-fest\/"]}]},{"@type":"BreadcrumbList","@id":"https:\/\/insurlab-germany.com\/de\/project\/07-april-2022-meta-gothaer-und-zurich-weitere-top-speakerinnen-der-insurenxt-stehen-fest\/#breadcrumb","itemListElement":[{"@type":"ListItem","position":1,"name":"Startseite","item":"https:\/\/insurlab-germany.com\/de\/"},{"@type":"ListItem","position":2,"name":"Projects","item":"https:\/\/insurlab-germany.com\/project\/"},{"@type":"ListItem","position":3,"name":"07. April 2022 &#8211; Meta, Gothaer und Zurich: Weitere Top-Speaker:innen der insureNXT stehen fest"}]},{"@type":"WebSite","@id":"https:\/\/insurlab-germany.com\/#website","url":"https:\/\/insurlab-germany.com\/","name":"InsurLab Germany","description":"Let&#039;s #InnovateInsurance!","publisher":{"@id":"https:\/\/insurlab-germany.com\/#organization"},"potentialAction":[{"@type":"SearchAction","target":{"@type":"EntryPoint","urlTemplate":"https:\/\/insurlab-germany.com\/?s={search_term_string}"},"query-input":{"@type":"PropertyValueSpecification","valueRequired":true,"valueName":"search_term_string"}}],"inLanguage":"de"},{"@type":"Organization","@id":"https:\/\/insurlab-germany.com\/#organization","name":"InsurLab Germany","url":"https:\/\/insurlab-germany.com\/","logo":{"@type":"ImageObject","inLanguage":"de","@id":"https:\/\/insurlab-germany.com\/#\/schema\/logo\/image\/","url":"https:\/\/insurlab-germany.com\/wp-content\/uploads\/2022\/03\/website_logo_ohnelink.png","contentUrl":"https:\/\/insurlab-germany.com\/wp-content\/uploads\/2022\/03\/website_logo_ohnelink.png","width":640,"height":245,"caption":"InsurLab Germany"},"image":{"@id":"https:\/\/insurlab-germany.com\/#\/schema\/logo\/image\/"},"sameAs":["https:\/\/www.facebook.com\/InsurLabGermany\/","https:\/\/x.com\/InsurLabDE","https:\/\/www.instagram.com\/insurlab_germany\/","https:\/\/www.linkedin.com\/company\/insurlab-germany-e-v"]}]}},"_links":{"self":[{"href":"https:\/\/insurlab-germany.com\/de\/wp-json\/wp\/v2\/project\/15242","targetHints":{"allow":["GET"]}}],"collection":[{"href":"https:\/\/insurlab-germany.com\/de\/wp-json\/wp\/v2\/project"}],"about":[{"href":"https:\/\/insurlab-germany.com\/de\/wp-json\/wp\/v2\/types\/project"}],"author":[{"embeddable":true,"href":"https:\/\/insurlab-germany.com\/de\/wp-json\/wp\/v2\/users\/7"}],"replies":[{"embeddable":true,"href":"https:\/\/insurlab-germany.com\/de\/wp-json\/wp\/v2\/comments?post=15242"}],"version-history":[{"count":5,"href":"https:\/\/insurlab-germany.com\/de\/wp-json\/wp\/v2\/project\/15242\/revisions"}],"predecessor-version":[{"id":17369,"href":"https:\/\/insurlab-germany.com\/de\/wp-json\/wp\/v2\/project\/15242\/revisions\/17369"}],"wp:attachment":[{"href":"https:\/\/insurlab-germany.com\/de\/wp-json\/wp\/v2\/media?parent=15242"}],"wp:term":[{"taxonomy":"project_category","embeddable":true,"href":"https:\/\/insurlab-germany.com\/de\/wp-json\/wp\/v2\/project_category?post=15242"},{"taxonomy":"project_tag","embeddable":true,"href":"https:\/\/insurlab-germany.com\/de\/wp-json\/wp\/v2\/project_tag?post=15242"}],"curies":[{"name":"wp","href":"https:\/\/api.w.org\/{rel}","templated":true}]}}