{"id":23060,"date":"2024-04-19T10:35:37","date_gmt":"2024-04-19T08:35:37","guid":{"rendered":"https:\/\/insurlab-germany.com\/?post_type=project&#038;p=23060"},"modified":"2024-04-19T10:35:41","modified_gmt":"2024-04-19T08:35:41","slug":"19-april-2024-continuity-and-renewal-board-of-directors-of-insurlab-germany-in-new-constellation","status":"publish","type":"project","link":"https:\/\/insurlab-germany.com\/en\/project\/19-april-2024-kontinuitaet-und-erneuerung-vorstand-des-insurlab-germany-in-neuer-konstellation\/","title":{"rendered":"April 19, 2024: Continuity and renewal: InsurLab Germany Board of Directors in a new constellation"},"content":{"rendered":"<p>[et_pb_section fb_built=&#8221;1&#8243; admin_label=&#8221;section&#8221; _builder_version=&#8221;4.16&#8243; locked=&#8221;off&#8221; global_colors_info=&#8221;{}&#8221; theme_builder_area=&#8221;post_content&#8221;][et_pb_row _builder_version=&#8221;4.17.4&#8243; _module_preset=&#8221;default&#8221; global_colors_info=&#8221;{}&#8221; theme_builder_area=&#8221;post_content&#8221;][et_pb_column type=&#8221;4_4&#8243; _builder_version=&#8221;4.17.4&#8243; _module_preset=&#8221;default&#8221; global_colors_info=&#8221;{}&#8221; theme_builder_area=&#8221;post_content&#8221;][et_pb_text _builder_version=&#8221;4.24.3&#8243; _module_preset=&#8221;69b8b9cd-3a3c-4327-b867-c8ccc94aa8cb&#8221; hover_enabled=&#8221;0&#8243; locked=&#8221;off&#8221; global_colors_info=&#8221;{}&#8221; theme_builder_area=&#8221;post_content&#8221; sticky_enabled=&#8221;0&#8243;]<\/p>\n<h2>19. April 2024: Kontinuit\u00e4t und Erneuerung: Vorstand des InsurLab Germany in neuer Konstellation<\/h2>\n<p>[\/et_pb_text][\/et_pb_column][\/et_pb_row][et_pb_row admin_label=&#8221;row&#8221; _builder_version=&#8221;4.16&#8243; background_size=&#8221;initial&#8221; background_position=&#8221;top_left&#8221; background_repeat=&#8221;repeat&#8221; global_colors_info=&#8221;{}&#8221; theme_builder_area=&#8221;post_content&#8221;][et_pb_column type=&#8221;4_4&#8243; _builder_version=&#8221;4.16&#8243; custom_padding=&#8221;|||&#8221; global_colors_info=&#8221;{}&#8221; custom_padding__hover=&#8221;|||&#8221; theme_builder_area=&#8221;post_content&#8221;][et_pb_text admin_label=&#8221;Text&#8221; _builder_version=&#8221;4.24.3&#8243; background_size=&#8221;initial&#8221; background_position=&#8221;top_left&#8221; background_repeat=&#8221;repeat&#8221; hover_enabled=&#8221;0&#8243; global_colors_info=&#8221;{}&#8221; theme_builder_area=&#8221;post_content&#8221; sticky_enabled=&#8221;0&#8243;]<\/p>\n<p>K\u00f6ln, 19. April 2024 \u2013 Der Vorstand Deutschlands wegweisender Brancheninitiative f\u00fcr Innovation, Kollaboration und Transformation der Versicherungswirtschaft pr\u00e4sentiert sich in neuer personeller Konstellation. Bei der Mitgliederversammlung am 18. April 2024 stimmten die anwesenden sowie zugeschalteten Mitglieder f\u00fcr Ver\u00e4nderungen im gesch\u00e4ftsf\u00fchrenden sowie im erweiterten Vorstand.<\/p>\n<p>[\/et_pb_text][et_pb_button button_url=&#8221;https:\/\/25368847.fs1.hubspotusercontent-eu1.net\/hubfs\/25368847\/Presse\/PM%20Mitgliederversammlung%202024\/19042024_InsurLab_PM_Vorstandsver%C3%A4nderungen.docx&#8221; button_text=&#8221;Pressemitteilung 19 April 2024 downloaden&#8221; button_alignment=&#8221;center&#8221; _builder_version=&#8221;4.24.3&#8243; _module_preset=&#8221;default&#8221; custom_button=&#8221;on&#8221; button_text_size=&#8221;18px&#8221; button_text_color=&#8221;#FFFFFF&#8221; button_bg_color=&#8221;#01575f&#8221; button_border_width=&#8221;0px&#8221; button_border_radius=&#8221;0px&#8221; button_font=&#8221;|600|||||||&#8221; button_use_icon=&#8221;off&#8221; hover_enabled=&#8221;0&#8243; global_colors_info=&#8221;{}&#8221; button_border_width__hover_enabled=&#8221;on|hover&#8221; button_letter_spacing__hover_enabled=&#8221;on|desktop&#8221; button_letter_spacing__hover=&#8221;&#8221; button_border_width__hover=&#8221;0px&#8221; button_bg_color__hover_enabled=&#8221;on|hover&#8221; button_bg_color__hover=&#8221;#27b5be&#8221; button_bg_enable_color__hover=&#8221;on&#8221; theme_builder_area=&#8221;post_content&#8221; sticky_enabled=&#8221;0&#8243;][\/et_pb_button][\/et_pb_column][\/et_pb_row][\/et_pb_section]<\/p>\n","protected":false},"excerpt":{"rendered":"<p>19. April 2024: Kontinuit\u00e4t und Erneuerung: Vorstand des InsurLab Germany in neuer KonstellationK\u00f6ln, 19. April 2024 \u2013 Der Vorstand Deutschlands wegweisender Brancheninitiative f\u00fcr Innovation, Kollaboration und Transformation der Versicherungswirtschaft pr\u00e4sentiert sich in neuer personeller Konstellation. Bei der Mitgliederversammlung am 18. April 2024 stimmten die anwesenden sowie zugeschalteten Mitglieder f\u00fcr Ver\u00e4nderungen im gesch\u00e4ftsf\u00fchrenden sowie im erweiterten [&hellip;]<\/p>\n","protected":false},"author":7,"featured_media":0,"comment_status":"closed","ping_status":"closed","template":"","meta":{"_et_pb_use_builder":"on","_et_pb_old_content":"","_et_gb_content_width":"","content-type":"","footnotes":""},"project_category":[227],"project_tag":[],"class_list":["post-23060","project","type-project","status-publish","hentry","project_category-press-release"],"yoast_head":"<!-- This site is optimized with the Yoast SEO plugin v27.5 - https:\/\/yoast.com\/product\/yoast-seo-wordpress\/ -->\n<title>19. April 2024: Kontinuit\u00e4t und Erneuerung: Vorstand des InsurLab Germany in neuer Konstellation - InsurLab Germany<\/title>\n<meta name=\"robots\" content=\"index, follow, max-snippet:-1, max-image-preview:large, max-video-preview:-1\" \/>\n<link rel=\"canonical\" href=\"https:\/\/insurlab-germany.com\/en\/project\/19-april-2024-continuity-and-renewal-board-of-directors-of-insurlab-germany-in-new-constellation\/\" \/>\n<meta property=\"og:locale\" content=\"en_US\" \/>\n<meta property=\"og:type\" content=\"article\" \/>\n<meta property=\"og:title\" content=\"19. April 2024: Kontinuit\u00e4t und Erneuerung: Vorstand des InsurLab Germany in neuer Konstellation - InsurLab Germany\" \/>\n<meta property=\"og:description\" content=\"19. April 2024: Kontinuit\u00e4t und Erneuerung: Vorstand des InsurLab Germany in neuer KonstellationK\u00f6ln, 19. April 2024 \u2013 Der Vorstand Deutschlands wegweisender Brancheninitiative f\u00fcr Innovation, Kollaboration und Transformation der Versicherungswirtschaft pr\u00e4sentiert sich in neuer personeller Konstellation. Bei der Mitgliederversammlung am 18. April 2024 stimmten die anwesenden sowie zugeschalteten Mitglieder f\u00fcr Ver\u00e4nderungen im gesch\u00e4ftsf\u00fchrenden sowie im erweiterten [&hellip;]\" \/>\n<meta property=\"og:url\" content=\"https:\/\/insurlab-germany.com\/en\/project\/19-april-2024-continuity-and-renewal-board-of-directors-of-insurlab-germany-in-new-constellation\/\" \/>\n<meta property=\"og:site_name\" content=\"InsurLab Germany\" \/>\n<meta property=\"article:publisher\" content=\"https:\/\/www.facebook.com\/InsurLabGermany\/\" \/>\n<meta property=\"article:modified_time\" content=\"2024-04-19T08:35:41+00:00\" \/>\n<meta name=\"twitter:card\" content=\"summary_large_image\" \/>\n<meta name=\"twitter:site\" content=\"@InsurLabDE\" \/>\n<meta name=\"twitter:label1\" content=\"Est. reading time\" \/>\n\t<meta name=\"twitter:data1\" content=\"1 minute\" \/>\n<script type=\"application\/ld+json\" class=\"yoast-schema-graph\">{\"@context\":\"https:\\\/\\\/schema.org\",\"@graph\":[{\"@type\":\"WebPage\",\"@id\":\"https:\\\/\\\/insurlab-germany.com\\\/project\\\/19-april-2024-kontinuitaet-und-erneuerung-vorstand-des-insurlab-germany-in-neuer-konstellation\\\/\",\"url\":\"https:\\\/\\\/insurlab-germany.com\\\/project\\\/19-april-2024-kontinuitaet-und-erneuerung-vorstand-des-insurlab-germany-in-neuer-konstellation\\\/\",\"name\":\"19. April 2024: Kontinuit\u00e4t und Erneuerung: Vorstand des InsurLab Germany in neuer Konstellation - InsurLab Germany\",\"isPartOf\":{\"@id\":\"https:\\\/\\\/insurlab-germany.com\\\/#website\"},\"datePublished\":\"2024-04-19T08:35:37+00:00\",\"dateModified\":\"2024-04-19T08:35:41+00:00\",\"breadcrumb\":{\"@id\":\"https:\\\/\\\/insurlab-germany.com\\\/project\\\/19-april-2024-kontinuitaet-und-erneuerung-vorstand-des-insurlab-germany-in-neuer-konstellation\\\/#breadcrumb\"},\"inLanguage\":\"en-US\",\"potentialAction\":[{\"@type\":\"ReadAction\",\"target\":[\"https:\\\/\\\/insurlab-germany.com\\\/project\\\/19-april-2024-kontinuitaet-und-erneuerung-vorstand-des-insurlab-germany-in-neuer-konstellation\\\/\"]}]},{\"@type\":\"BreadcrumbList\",\"@id\":\"https:\\\/\\\/insurlab-germany.com\\\/project\\\/19-april-2024-kontinuitaet-und-erneuerung-vorstand-des-insurlab-germany-in-neuer-konstellation\\\/#breadcrumb\",\"itemListElement\":[{\"@type\":\"ListItem\",\"position\":1,\"name\":\"Startseite\",\"item\":\"https:\\\/\\\/insurlab-germany.com\\\/de\\\/\"},{\"@type\":\"ListItem\",\"position\":2,\"name\":\"Projects\",\"item\":\"https:\\\/\\\/insurlab-germany.com\\\/project\\\/\"},{\"@type\":\"ListItem\",\"position\":3,\"name\":\"19. April 2024: Kontinuit\u00e4t und Erneuerung: Vorstand des InsurLab Germany in neuer Konstellation\"}]},{\"@type\":\"WebSite\",\"@id\":\"https:\\\/\\\/insurlab-germany.com\\\/#website\",\"url\":\"https:\\\/\\\/insurlab-germany.com\\\/\",\"name\":\"InsurLab Germany\",\"description\":\"Let&#039;s #InnovateInsurance!\",\"publisher\":{\"@id\":\"https:\\\/\\\/insurlab-germany.com\\\/#organization\"},\"potentialAction\":[{\"@type\":\"SearchAction\",\"target\":{\"@type\":\"EntryPoint\",\"urlTemplate\":\"https:\\\/\\\/insurlab-germany.com\\\/?s={search_term_string}\"},\"query-input\":{\"@type\":\"PropertyValueSpecification\",\"valueRequired\":true,\"valueName\":\"search_term_string\"}}],\"inLanguage\":\"en-US\"},{\"@type\":\"Organization\",\"@id\":\"https:\\\/\\\/insurlab-germany.com\\\/#organization\",\"name\":\"InsurLab Germany\",\"url\":\"https:\\\/\\\/insurlab-germany.com\\\/\",\"logo\":{\"@type\":\"ImageObject\",\"inLanguage\":\"en-US\",\"@id\":\"https:\\\/\\\/insurlab-germany.com\\\/#\\\/schema\\\/logo\\\/image\\\/\",\"url\":\"https:\\\/\\\/insurlab-germany.com\\\/wp-content\\\/uploads\\\/2022\\\/03\\\/website_logo_ohnelink.png\",\"contentUrl\":\"https:\\\/\\\/insurlab-germany.com\\\/wp-content\\\/uploads\\\/2022\\\/03\\\/website_logo_ohnelink.png\",\"width\":640,\"height\":245,\"caption\":\"InsurLab Germany\"},\"image\":{\"@id\":\"https:\\\/\\\/insurlab-germany.com\\\/#\\\/schema\\\/logo\\\/image\\\/\"},\"sameAs\":[\"https:\\\/\\\/www.facebook.com\\\/InsurLabGermany\\\/\",\"https:\\\/\\\/x.com\\\/InsurLabDE\",\"https:\\\/\\\/www.instagram.com\\\/insurlab_germany\\\/\",\"https:\\\/\\\/www.linkedin.com\\\/company\\\/insurlab-germany-e-v\"]}]}<\/script>\n<!-- \/ Yoast SEO plugin. -->","yoast_head_json":{"title":"April 19, 2024: Continuity and renewal: InsurLab Germany Board of Directors in new constellation - InsurLab Germany","robots":{"index":"index","follow":"follow","max-snippet":"max-snippet:-1","max-image-preview":"max-image-preview:large","max-video-preview":"max-video-preview:-1"},"canonical":"https:\/\/insurlab-germany.com\/en\/project\/19-april-2024-continuity-and-renewal-board-of-directors-of-insurlab-germany-in-new-constellation\/","og_locale":"en_US","og_type":"article","og_title":"19. April 2024: Kontinuit\u00e4t und Erneuerung: Vorstand des InsurLab Germany in neuer Konstellation - InsurLab Germany","og_description":"19. April 2024: Kontinuit\u00e4t und Erneuerung: Vorstand des InsurLab Germany in neuer KonstellationK\u00f6ln, 19. April 2024 \u2013 Der Vorstand Deutschlands wegweisender Brancheninitiative f\u00fcr Innovation, Kollaboration und Transformation der Versicherungswirtschaft pr\u00e4sentiert sich in neuer personeller Konstellation. Bei der Mitgliederversammlung am 18. April 2024 stimmten die anwesenden sowie zugeschalteten Mitglieder f\u00fcr Ver\u00e4nderungen im gesch\u00e4ftsf\u00fchrenden sowie im erweiterten [&hellip;]","og_url":"https:\/\/insurlab-germany.com\/en\/project\/19-april-2024-continuity-and-renewal-board-of-directors-of-insurlab-germany-in-new-constellation\/","og_site_name":"InsurLab Germany","article_publisher":"https:\/\/www.facebook.com\/InsurLabGermany\/","article_modified_time":"2024-04-19T08:35:41+00:00","twitter_card":"summary_large_image","twitter_site":"@InsurLabDE","twitter_misc":{"Est. reading time":"1 minute"},"schema":{"@context":"https:\/\/schema.org","@graph":[{"@type":"WebPage","@id":"https:\/\/insurlab-germany.com\/project\/19-april-2024-kontinuitaet-und-erneuerung-vorstand-des-insurlab-germany-in-neuer-konstellation\/","url":"https:\/\/insurlab-germany.com\/project\/19-april-2024-kontinuitaet-und-erneuerung-vorstand-des-insurlab-germany-in-neuer-konstellation\/","name":"April 19, 2024: Continuity and renewal: InsurLab Germany Board of Directors in new constellation - InsurLab Germany","isPartOf":{"@id":"https:\/\/insurlab-germany.com\/#website"},"datePublished":"2024-04-19T08:35:37+00:00","dateModified":"2024-04-19T08:35:41+00:00","breadcrumb":{"@id":"https:\/\/insurlab-germany.com\/project\/19-april-2024-kontinuitaet-und-erneuerung-vorstand-des-insurlab-germany-in-neuer-konstellation\/#breadcrumb"},"inLanguage":"en-US","potentialAction":[{"@type":"ReadAction","target":["https:\/\/insurlab-germany.com\/project\/19-april-2024-kontinuitaet-und-erneuerung-vorstand-des-insurlab-germany-in-neuer-konstellation\/"]}]},{"@type":"BreadcrumbList","@id":"https:\/\/insurlab-germany.com\/project\/19-april-2024-kontinuitaet-und-erneuerung-vorstand-des-insurlab-germany-in-neuer-konstellation\/#breadcrumb","itemListElement":[{"@type":"ListItem","position":1,"name":"Startseite","item":"https:\/\/insurlab-germany.com\/de\/"},{"@type":"ListItem","position":2,"name":"Projects","item":"https:\/\/insurlab-germany.com\/project\/"},{"@type":"ListItem","position":3,"name":"19. April 2024: Kontinuit\u00e4t und Erneuerung: Vorstand des InsurLab Germany in neuer Konstellation"}]},{"@type":"WebSite","@id":"https:\/\/insurlab-germany.com\/#website","url":"https:\/\/insurlab-germany.com\/","name":"InsurLab Germany","description":"Let's #InnovateInsurance!","publisher":{"@id":"https:\/\/insurlab-germany.com\/#organization"},"potentialAction":[{"@type":"SearchAction","target":{"@type":"EntryPoint","urlTemplate":"https:\/\/insurlab-germany.com\/?s={search_term_string}"},"query-input":{"@type":"PropertyValueSpecification","valueRequired":true,"valueName":"search_term_string"}}],"inLanguage":"en-US"},{"@type":"Organization","@id":"https:\/\/insurlab-germany.com\/#organization","name":"InsurLab Germany","url":"https:\/\/insurlab-germany.com\/","logo":{"@type":"ImageObject","inLanguage":"en-US","@id":"https:\/\/insurlab-germany.com\/#\/schema\/logo\/image\/","url":"https:\/\/insurlab-germany.com\/wp-content\/uploads\/2022\/03\/website_logo_ohnelink.png","contentUrl":"https:\/\/insurlab-germany.com\/wp-content\/uploads\/2022\/03\/website_logo_ohnelink.png","width":640,"height":245,"caption":"InsurLab Germany"},"image":{"@id":"https:\/\/insurlab-germany.com\/#\/schema\/logo\/image\/"},"sameAs":["https:\/\/www.facebook.com\/InsurLabGermany\/","https:\/\/x.com\/InsurLabDE","https:\/\/www.instagram.com\/insurlab_germany\/","https:\/\/www.linkedin.com\/company\/insurlab-germany-e-v"]}]}},"_links":{"self":[{"href":"https:\/\/insurlab-germany.com\/en\/wp-json\/wp\/v2\/project\/23060","targetHints":{"allow":["GET"]}}],"collection":[{"href":"https:\/\/insurlab-germany.com\/en\/wp-json\/wp\/v2\/project"}],"about":[{"href":"https:\/\/insurlab-germany.com\/en\/wp-json\/wp\/v2\/types\/project"}],"author":[{"embeddable":true,"href":"https:\/\/insurlab-germany.com\/en\/wp-json\/wp\/v2\/users\/7"}],"replies":[{"embeddable":true,"href":"https:\/\/insurlab-germany.com\/en\/wp-json\/wp\/v2\/comments?post=23060"}],"version-history":[{"count":4,"href":"https:\/\/insurlab-germany.com\/en\/wp-json\/wp\/v2\/project\/23060\/revisions"}],"predecessor-version":[{"id":23066,"href":"https:\/\/insurlab-germany.com\/en\/wp-json\/wp\/v2\/project\/23060\/revisions\/23066"}],"wp:attachment":[{"href":"https:\/\/insurlab-germany.com\/en\/wp-json\/wp\/v2\/media?parent=23060"}],"wp:term":[{"taxonomy":"project_category","embeddable":true,"href":"https:\/\/insurlab-germany.com\/en\/wp-json\/wp\/v2\/project_category?post=23060"},{"taxonomy":"project_tag","embeddable":true,"href":"https:\/\/insurlab-germany.com\/en\/wp-json\/wp\/v2\/project_tag?post=23060"}],"curies":[{"name":"wp","href":"https:\/\/api.w.org\/{rel}","templated":true}]}}